{"id":7270,"date":"2020-08-13T21:55:28","date_gmt":"2020-08-13T19:55:28","guid":{"rendered":"https:\/\/staging.esprit-cafe.ch\/?post_type=product&#038;p=7270"},"modified":"2023-03-03T11:30:51","modified_gmt":"2023-03-03T10:30:51","slug":"jasmin-24-sachets-cristal-suremballes","status":"publish","type":"product","link":"https:\/\/staging.esprit-cafe.ch\/de\/product\/jasmin-24-sachets-cristal-suremballes\/","title":{"rendered":"JASMIN, 24 UMVERPACKTE KRISTALLBEUTEL\u00ae."},"content":{"rendered":"<h3>Vorschl\u00e4ge f\u00fcr die Zubereitung<\/h3>\n<p>INFUSION: 3\/4 Minuten<br \/>\nTEMP\u00c9RATURE: 80\u00b0C<\/p>","protected":false},"excerpt":{"rendered":"<div class=\"description\">\n<p>Parmi les plus c\u00e9l\u00e8bres compositions chinoises de th\u00e9s aux fleurs, ce th\u00e9 au jasmin offre un bel \u00e9quilibre entre un th\u00e9 vert cors\u00e9 et la douceur d\u00e9licate du parfum de la fleur blanche. C\u2019est le th\u00e9 par excellence pour accompagner la cuisine chinoise.<br \/>\nBo\u00eete 24 sachets Cristal\u00ae suremball\u00e9s. Poids net : 48 g<\/p>\n<\/div>\n<div id=\"features\">\n<ul>\n<li>Note dominante : Notes Fleuries<\/li>\n<li>Type(s) d&#8217;infusion(s) :\u00a0Th\u00e9 vert<\/li>\n<li>Saveur principale :\u00a0Jasmin<\/li>\n<li>Allergen(e) : Produkt kann zuf\u00e4llige Spuren von Schalenfr\u00fcchten und Erdn\u00fcssen enthalten.<\/li>\n<\/ul>\n<\/div>","protected":false},"featured_media":13069,"template":"","meta":{"inline_featured_image":false},"product_cat":[136,172],"product_tag":[],"_links":{"self":[{"href":"https:\/\/staging.esprit-cafe.ch\/de\/wp-json\/wp\/v2\/product\/7270"}],"collection":[{"href":"https:\/\/staging.esprit-cafe.ch\/de\/wp-json\/wp\/v2\/product"}],"about":[{"href":"https:\/\/staging.esprit-cafe.ch\/de\/wp-json\/wp\/v2\/types\/product"}],"version-history":[{"count":0,"href":"https:\/\/staging.esprit-cafe.ch\/de\/wp-json\/wp\/v2\/product\/7270\/revisions"}],"wp:featuredmedia":[{"embeddable":true,"href":"https:\/\/staging.esprit-cafe.ch\/de\/wp-json\/wp\/v2\/media\/13069"}],"wp:attachment":[{"href":"https:\/\/staging.esprit-cafe.ch\/de\/wp-json\/wp\/v2\/media?parent=7270"}],"wp:term":[{"taxonomy":"product_cat","embeddable":true,"href":"https:\/\/staging.esprit-cafe.ch\/de\/wp-json\/wp\/v2\/product_cat?post=7270"},{"taxonomy":"product_tag","embeddable":true,"href":"https:\/\/staging.esprit-cafe.ch\/de\/wp-json\/wp\/v2\/product_tag?post=7270"}],"curies":[{"name":"wp","href":"https:\/\/api.w.org\/{rel}","templated":true}]}}